{"id":609,"date":"2020-05-25T15:31:25","date_gmt":"2020-05-25T19:31:25","guid":{"rendered":"https:\/\/of.jungle.ca\/?page_id=609"},"modified":"2024-07-03T10:59:15","modified_gmt":"2024-07-03T14:59:15","slug":"master-classes","status":"publish","type":"page","link":"https:\/\/orchestrefranco.com\/en\/the-orchestra\/master-classes\/","title":{"rendered":"Masterclasses"},"content":{"rendered":"\n<div class=\"wp-block-genesis-blocks-gb-columns gb-layout-columns-2 gb-2-col-equal alignwide\"><div class=\"gb-layout-column-wrap gb-block-layout-column-gap-2 gb-is-responsive-column\">\n<div class=\"wp-block-genesis-blocks-gb-column gb-block-layout-column\"><div class=\"gb-block-layout-column-inner\">\n<div style=\"background-color:#f2f2f2;color:#32373c\" class=\"wp-block-genesis-blocks-gb-profile-box left square gb-has-avatar gb-font-size-18 gb-block-profile gb-profile-columns\"><div class=\"gb-profile-column gb-profile-avatar-wrap\"><div class=\"gb-profile-image-wrap\"><figure class=\"gb-profile-image-square\"><img loading=\"lazy\" decoding=\"async\" width=\"600\" height=\"599\" class=\"gb-profile-avatar wp-image-1850\" src=\"https:\/\/orchestrefranco.com\/wp-content\/uploads\/2021\/05\/Robert-Uchida-credit-Erik-Visser-600px.jpg\" alt=\"Robert Uchida: photo credit Erik Visser\" srcset=\"https:\/\/orchestrefranco.com\/wp-content\/uploads\/2021\/05\/Robert-Uchida-credit-Erik-Visser-600px.jpg 600w, https:\/\/orchestrefranco.com\/wp-content\/uploads\/2021\/05\/Robert-Uchida-credit-Erik-Visser-600px-300x300.jpg 300w, https:\/\/orchestrefranco.com\/wp-content\/uploads\/2021\/05\/Robert-Uchida-credit-Erik-Visser-600px-150x150.jpg 150w\" sizes=\"auto, (max-width: 600px) 100vw, 600px\" \/><\/figure><\/div><\/div><div class=\"gb-profile-column gb-profile-content-wrap\"><h2 class=\"gb-profile-name\" style=\"color:#32373c\">Robert Uchida<\/h2><p class=\"gb-profile-title\" style=\"color:#32373c\"><strong>Artistic advisor,<\/strong><br><strong>Chief of string<\/strong><\/p><div class=\"gb-profile-text\"><p>Robert Uchida, a Canadian violinist, has been acclaimed for his &#8220;exquisite tone, eloquence, and hypnotic intensity&#8221; (Strings magazine).<\/p><p>Robert joined the Edmonton Symphony Orchestra as the concertmaster in 2013, after holding the same position in the Nova Scotia Symphony Orchestra. He has also been invited to perform as the associate concertmaster of the Rotterdam Philharmonic Orchestra during the 2005-2006 season. As a guest conductor, he has participated in projects with the Netherlands Radio Chamber Philharmonic, the Royal Flemish Philharmonic, and the Vancouver Symphony Orchestra.<\/p><p>Robert&#8217;s CD recordings include Tim Brady&#8217;s Requiem 21.5: Violin Concerto, released by Centredisques, which won the Classical Recording of the Year award from the ECMA (East Coast Music Association). He has also recorded Andrew Violette&#8217;s Sonata for Unaccompanied Violin with Innova Records.<\/p><p>As a passionate teacher, Robert is a professor at the University of Alberta and has taught at Acadia University, the Manhattan School of Music, and as part of the Young Artists Program at the National Arts Centre of Canada.<\/p><p>He performs on a rare 1770 Guadagnini violin, with Thomastik-Infeld Vision Solo Titanium strings from the Austrian manufacturer.<\/p><p><\/p><\/div><ul class=\"gb-social-links\"><li><a href=\"https:\/\/www.ualberta.ca\/music\/people\/sessional-faculty\/robert-uchida.html\" target=\"_blank\" rel=\"noopener noreferrer\" style=\"background-color:#392f43\" aria-label=\"Website\"><svg aria-labelledby=\"gb-link-website-c72735d5-4576-4d4c-b9b8-9ae02fbe6a41\" role=\"img\" xmlns=\"http:\/\/www.w3.org\/2000\/svg\" viewBox=\"0 0 512 512\"><title id=\"gb-link-website-c72735d5-4576-4d4c-b9b8-9ae02fbe6a41\">Visit Website (opens in a new tab)<\/title><path fill=\"#fff\" d=\"M326.612 185.391c59.747 59.809 58.927 155.698.36 214.59-.11.12-.24.25-.36.37l-67.2 67.2c-59.27 59.27-155.699 59.262-214.96 0-59.27-59.26-59.27-155.7 0-214.96l37.106-37.106c9.84-9.84 26.786-3.3 27.294 10.606.648 17.722 3.826 35.527 9.69 52.721 1.986 5.822.567 12.262-3.783 16.612l-13.087 13.087c-28.026 28.026-28.905 73.66-1.155 101.96 28.024 28.579 74.086 28.749 102.325.51l67.2-67.19c28.191-28.191 28.073-73.757 0-101.83-3.701-3.694-7.429-6.564-10.341-8.569a16.037 16.037 0 0 1-6.947-12.606c-.396-10.567 3.348-21.456 11.698-29.806l21.054-21.055c5.521-5.521 14.182-6.199 20.584-1.731a152.482 152.482 0 0 1 20.522 17.197zM467.547 44.449c-59.261-59.262-155.69-59.27-214.96 0l-67.2 67.2c-.12.12-.25.25-.36.37-58.566 58.892-59.387 154.781.36 214.59a152.454 152.454 0 0 0 20.521 17.196c6.402 4.468 15.064 3.789 20.584-1.731l21.054-21.055c8.35-8.35 12.094-19.239 11.698-29.806a16.037 16.037 0 0 0-6.947-12.606c-2.912-2.005-6.64-4.875-10.341-8.569-28.073-28.073-28.191-73.639 0-101.83l67.2-67.19c28.239-28.239 74.3-28.069 102.325.51 27.75 28.3 26.872 73.934-1.155 101.96l-13.087 13.087c-4.35 4.35-5.769 10.79-3.783 16.612 5.864 17.194 9.042 34.999 9.69 52.721.509 13.906 17.454 20.446 27.294 10.606l37.106-37.106c59.271-59.259 59.271-155.699.001-214.959z\"><\/path><\/svg><\/a><\/li><\/ul><\/div><\/div>\n\n\n\n<div style=\"background-color:#f2f2f2;color:#32373c\" class=\"wp-block-genesis-blocks-gb-profile-box square gb-has-avatar gb-font-size-18 gb-block-profile gb-profile-columns\"><div class=\"gb-profile-column gb-profile-avatar-wrap\"><div class=\"gb-profile-image-wrap\"><figure class=\"gb-profile-image-square\"><img loading=\"lazy\" decoding=\"async\" width=\"220\" height=\"220\" class=\"gb-profile-avatar wp-image-5729\" src=\"https:\/\/orchestrefranco.com\/wp-content\/uploads\/2023\/06\/mangrum.png\" alt=\"\" srcset=\"https:\/\/orchestrefranco.com\/wp-content\/uploads\/2023\/06\/mangrum.png 220w, https:\/\/orchestrefranco.com\/wp-content\/uploads\/2023\/06\/mangrum-150x150.png 150w\" sizes=\"auto, (max-width: 220px) 100vw, 220px\" \/><\/figure><\/div><\/div><div class=\"gb-profile-column gb-profile-content-wrap\"><h2 class=\"gb-profile-name\" style=\"color:#32373c\">Martin Mangrum<\/h2><p class=\"gb-profile-title\" style=\"color:#32373c\">(<strong>OSM), bassoon<\/strong><\/p><div class=\"gb-profile-text\"><p>Martin Mangrum studied bassoon with Stephen Maxym at the Juilliard School, where he earned his undergraduate and graduate degrees, including a Doctorate, before pursuing further studies with Mordechai Rechtman in Tel Aviv. Bassoonist with the Orchestre symphonique de Montr\u00e9al since 2000, he also serves on the faculty of the Schulich School of Music of McGill University. Before joining the OSM he was Associate Principal Bassoon with the Orquestra Simf\u00f2nica de Barcelona and Principal Bassoon with the Real Orquesta Sinf\u00f3nica de Sevilla.<\/p><\/div><ul class=\"gb-social-links\"><\/ul><\/div><\/div>\n<\/div><\/div>\n\n\n\n<div class=\"wp-block-genesis-blocks-gb-column gb-block-layout-column\"><div class=\"gb-block-layout-column-inner\">\n<div style=\"background-color:#f2f2f2;color:#32373c\" class=\"wp-block-genesis-blocks-gb-profile-box left square gb-has-avatar gb-font-size-18 gb-block-profile gb-profile-columns\"><div class=\"gb-profile-column gb-profile-avatar-wrap\"><div class=\"gb-profile-image-wrap\"><figure class=\"gb-profile-image-square\"><img loading=\"lazy\" decoding=\"async\" width=\"2560\" height=\"2048\" class=\"gb-profile-avatar wp-image-7901\" src=\"https:\/\/orchestrefranco.com\/wp-content\/uploads\/2024\/06\/Robin-Doyon-1-scaled.jpg\" alt=\"\" srcset=\"https:\/\/orchestrefranco.com\/wp-content\/uploads\/2024\/06\/Robin-Doyon-1-scaled.jpg 2560w, https:\/\/orchestrefranco.com\/wp-content\/uploads\/2024\/06\/Robin-Doyon-1-300x240.jpg 300w, https:\/\/orchestrefranco.com\/wp-content\/uploads\/2024\/06\/Robin-Doyon-1-1024x819.jpg 1024w, https:\/\/orchestrefranco.com\/wp-content\/uploads\/2024\/06\/Robin-Doyon-1-768x614.jpg 768w, https:\/\/orchestrefranco.com\/wp-content\/uploads\/2024\/06\/Robin-Doyon-1-1536x1229.jpg 1536w, https:\/\/orchestrefranco.com\/wp-content\/uploads\/2024\/06\/Robin-Doyon-1-2048x1638.jpg 2048w, https:\/\/orchestrefranco.com\/wp-content\/uploads\/2024\/06\/Robin-Doyon-1-1200x960.jpg 1200w, https:\/\/orchestrefranco.com\/wp-content\/uploads\/2024\/06\/Robin-Doyon-1-1980x1584.jpg 1980w\" sizes=\"auto, (max-width: 2560px) 100vw, 2560px\" \/><\/figure><\/div><\/div><div class=\"gb-profile-column gb-profile-content-wrap\"><h2 class=\"gb-profile-name\" style=\"color:#32373c\">Robin Doyon<\/h2><p class=\"gb-profile-title\" style=\"color:#32373c\"><strong>(ESO)<\/strong>, <strong>Trompette<\/strong><\/p><div class=\"gb-profile-text\"><p>A native of East Angus, Qu\u00e9bec, Robin Doyon was appointed Principal Trumpet of the Edmonton Symphony Orchestra in September 2008. Since that appointment, he<br>has appeared as soloist with the ESO, as well as the Red Deer Symphony and the Alberta Baroque Ensemble.<br>He received his Bachelor and Masters Degrees in Classical Interpretation at the University of Montr\u00e9al with Jean-Luc Gagnon. He has studied with many masters of the trumpet, including Allen Vizzutti, Jens Lindemann, and<br>James Thompson. In 2002, he was Laureate of the National Music Festival, the Montr\u00e9al Symphony Orchestra Competition, and the Radio-Canada Young Artists Competition.<\/p><p>Mr. Doyon has also been the recipient of numerous other prizes, including the 2007 prix avec Grande distinction from the Montr\u00e9al Conservatory of Music. He has been a member of the Grand Ballet of Canada Orchestra, and is a regular performer with the Montr\u00e9al Symphony Orchestra, the National Arts Centre Orchestra, and the Laval,<br>Longueuil, and the Metropolitan orchestras. He also performed with the Contemporary Ensemble of Montr\u00e9al and the Contemporary Music Society of Qu\u00e9bec. Robin currently teaches at the University of Alberta.<\/p><\/div><ul class=\"gb-social-links\"><\/ul><\/div><\/div>\n\n\n\n<div style=\"background-color:#f2f2f2;color:#32373c\" class=\"wp-block-genesis-blocks-gb-profile-box square gb-has-avatar gb-font-size-18 gb-block-profile gb-profile-columns\"><div class=\"gb-profile-column gb-profile-avatar-wrap\"><div class=\"gb-profile-image-wrap\"><figure class=\"gb-profile-image-square\"><img loading=\"lazy\" decoding=\"async\" width=\"1920\" height=\"2560\" class=\"gb-profile-avatar wp-image-7903\" src=\"https:\/\/orchestrefranco.com\/wp-content\/uploads\/2024\/06\/2021-12-09-Trio4037_Chloe-Dominguez-Credits_Sasha-Onyshchenko-Noir-et-Blanc-scaled.jpg\" alt=\"\" srcset=\"https:\/\/orchestrefranco.com\/wp-content\/uploads\/2024\/06\/2021-12-09-Trio4037_Chloe-Dominguez-Credits_Sasha-Onyshchenko-Noir-et-Blanc-scaled.jpg 1920w, https:\/\/orchestrefranco.com\/wp-content\/uploads\/2024\/06\/2021-12-09-Trio4037_Chloe-Dominguez-Credits_Sasha-Onyshchenko-Noir-et-Blanc-225x300.jpg 225w, https:\/\/orchestrefranco.com\/wp-content\/uploads\/2024\/06\/2021-12-09-Trio4037_Chloe-Dominguez-Credits_Sasha-Onyshchenko-Noir-et-Blanc-768x1024.jpg 768w, https:\/\/orchestrefranco.com\/wp-content\/uploads\/2024\/06\/2021-12-09-Trio4037_Chloe-Dominguez-Credits_Sasha-Onyshchenko-Noir-et-Blanc-1152x1536.jpg 1152w, https:\/\/orchestrefranco.com\/wp-content\/uploads\/2024\/06\/2021-12-09-Trio4037_Chloe-Dominguez-Credits_Sasha-Onyshchenko-Noir-et-Blanc-1536x2048.jpg 1536w, https:\/\/orchestrefranco.com\/wp-content\/uploads\/2024\/06\/2021-12-09-Trio4037_Chloe-Dominguez-Credits_Sasha-Onyshchenko-Noir-et-Blanc-1200x1600.jpg 1200w, https:\/\/orchestrefranco.com\/wp-content\/uploads\/2024\/06\/2021-12-09-Trio4037_Chloe-Dominguez-Credits_Sasha-Onyshchenko-Noir-et-Blanc-1980x2640.jpg 1980w\" sizes=\"auto, (max-width: 1920px) 100vw, 1920px\" \/><\/figure><\/div><\/div><div class=\"gb-profile-column gb-profile-content-wrap\"><h2 class=\"gb-profile-name\" style=\"color:#32373c\">Chlo\u00e9 Dominguez <\/h2><p class=\"gb-profile-title\" style=\"color:#32373c\"><strong>(OCM), Cellist<\/strong><\/p><div class=\"gb-profile-text\"><p>Chlo\u00e9 Dominguez is an exceptionally versatile cellist and passionate chamber musician. A regular participant of numerous international festivals such as the Festival International de&nbsp;Lanaudi\u00e8re, Festival of the Sound, and the Ottawa&nbsp;Chamberfest, she was a member of the Trio Hochelaga from 2014-2018.<br>&nbsp;<br>Solo cellist of Orchestre Classique de Montr\u00e9al, Chlo\u00e9 Dominguez is an ardent performer of contemporary music and, as soloist, has premiered many new works and has served as solo cello of Ensemble Contemporain de Montr\u00e9al + for 15 years.<br>&nbsp;<br>She has recorded on the ATMA,&nbsp;Analekta, Oxingale&nbsp;Records, and the&nbsp;Espace&nbsp;21 labels. As a winner of the Instrument Bank Competition of the Canada Council for the Arts, she has been loaned the McConnell Nicolaus Gagliano cello. She has also won the Schulich School of Music\u2019s 2009 Golden Violin award.<br>&nbsp;<br>Chlo\u00e9 Dominguez completed a doctorate in music performance, where she now teaches chamber music and cello. As well, she taught at the Domaine Forget International Music and Dance Academy since 2016, at the Universit\u00e9 du Qu\u00e9bec \u00e0 Montr\u00e9al since 2019, and was a visiting professor at the Universit\u00e9 de Montr\u00e9al in 2022. &nbsp;She plays a 1745 Lorenzo&nbsp;Carcassi&nbsp;cello.<\/p><\/div><ul class=\"gb-social-links\"><\/ul><\/div><\/div>\n<\/div><\/div>\n<\/div><\/div>\n","protected":false},"excerpt":{"rendered":"","protected":false},"author":1,"featured_media":0,"parent":77,"menu_order":0,"comment_status":"closed","ping_status":"closed","template":"","meta":{"_acf_changed":false,"_monsterinsights_skip_tracking":false,"_monsterinsights_sitenote_active":false,"_monsterinsights_sitenote_note":"","_monsterinsights_sitenote_category":0,"footnotes":""},"class_list":["post-609","page","type-page","status-publish","hentry"],"acf":[],"featured_image_src":null,"featured_image_src_square":null,"_links":{"self":[{"href":"https:\/\/orchestrefranco.com\/en\/wp-json\/wp\/v2\/pages\/609","targetHints":{"allow":["GET"]}}],"collection":[{"href":"https:\/\/orchestrefranco.com\/en\/wp-json\/wp\/v2\/pages"}],"about":[{"href":"https:\/\/orchestrefranco.com\/en\/wp-json\/wp\/v2\/types\/page"}],"author":[{"embeddable":true,"href":"https:\/\/orchestrefranco.com\/en\/wp-json\/wp\/v2\/users\/1"}],"replies":[{"embeddable":true,"href":"https:\/\/orchestrefranco.com\/en\/wp-json\/wp\/v2\/comments?post=609"}],"version-history":[{"count":29,"href":"https:\/\/orchestrefranco.com\/en\/wp-json\/wp\/v2\/pages\/609\/revisions"}],"predecessor-version":[{"id":7962,"href":"https:\/\/orchestrefranco.com\/en\/wp-json\/wp\/v2\/pages\/609\/revisions\/7962"}],"up":[{"embeddable":true,"href":"https:\/\/orchestrefranco.com\/en\/wp-json\/wp\/v2\/pages\/77"}],"wp:attachment":[{"href":"https:\/\/orchestrefranco.com\/en\/wp-json\/wp\/v2\/media?parent=609"}],"curies":[{"name":"wp","href":"https:\/\/api.w.org\/{rel}","templated":true}]}}